{"id":1321,"date":"2024-12-12T18:22:27","date_gmt":"2024-12-12T18:22:27","guid":{"rendered":"https:\/\/editorialjande.com\/?page_id=1321"},"modified":"2024-12-12T18:32:58","modified_gmt":"2024-12-12T18:32:58","slug":"jande","status":"publish","type":"page","link":"https:\/\/editorialjande.com\/es\/jande\/","title":{"rendered":"Jande"},"content":{"rendered":"<div data-elementor-type=\"wp-page\" data-elementor-id=\"1321\" class=\"elementor elementor-1321\" data-elementor-post-type=\"page\">\n\t\t\t\t<div class=\"elementor-element elementor-element-bea1671 e-flex e-con-boxed e-con e-parent\" data-id=\"bea1671\" data-element_type=\"container\" data-settings=\"{&quot;background_background&quot;:&quot;classic&quot;}\">\n\t\t\t\t\t<div class=\"e-con-inner\">\n\t\t<div class=\"elementor-element elementor-element-f0cc7bf e-con-full e-flex e-con e-child\" data-id=\"f0cc7bf\" data-element_type=\"container\" data-settings=\"{&quot;background_background&quot;:&quot;classic&quot;}\">\n\t\t\t\t<div class=\"elementor-element elementor-element-421afc1 elementor-widget elementor-widget-image\" data-id=\"421afc1\" data-element_type=\"widget\" data-widget_type=\"image.default\">\n\t\t\t\t<div class=\"elementor-widget-container\">\n\t\t\t\t\t\t\t\t\t\t\t\t\t\t\t<img fetchpriority=\"high\" decoding=\"async\" width=\"800\" height=\"421\" src=\"https:\/\/editorialjande.com\/wp-content\/uploads\/2024\/07\/Sin-titulo-1-e1719863676287-1024x539.png\" class=\"attachment-large size-large wp-image-567\" alt=\"logotipo\" srcset=\"https:\/\/editorialjande.com\/wp-content\/uploads\/2024\/07\/Sin-titulo-1-e1719863676287-1024x539.png 1024w, https:\/\/editorialjande.com\/wp-content\/uploads\/2024\/07\/Sin-titulo-1-e1719863676287-600x316.png 600w, https:\/\/editorialjande.com\/wp-content\/uploads\/2024\/07\/Sin-titulo-1-e1719863676287-300x158.png 300w, https:\/\/editorialjande.com\/wp-content\/uploads\/2024\/07\/Sin-titulo-1-e1719863676287-768x404.png 768w, https:\/\/editorialjande.com\/wp-content\/uploads\/2024\/07\/Sin-titulo-1-e1719863676287-18x9.png 18w, https:\/\/editorialjande.com\/wp-content\/uploads\/2024\/07\/Sin-titulo-1-e1719863676287.png 1459w\" sizes=\"(max-width: 800px) 100vw, 800px\" \/>\t\t\t\t\t\t\t\t\t\t\t\t\t\t\t<\/div>\n\t\t\t\t<\/div>\n\t\t\t\t<\/div>\n\t\t<div class=\"elementor-element elementor-element-54c625c e-con-full e-flex e-con e-child\" data-id=\"54c625c\" data-element_type=\"container\">\n\t\t\t\t<div class=\"elementor-element elementor-element-baa8415 elementor-widget elementor-widget-heading\" data-id=\"baa8415\" data-element_type=\"widget\" data-widget_type=\"heading.default\">\n\t\t\t\t<div class=\"elementor-widget-container\">\n\t\t\t\t\t<h2 class=\"elementor-heading-title elementor-size-default\">Qu\u00e9 es<\/h2>\t\t\t\t<\/div>\n\t\t\t\t<\/div>\n\t\t\t\t<div class=\"elementor-element elementor-element-c301505 elementor-widget elementor-widget-text-editor\" data-id=\"c301505\" data-element_type=\"widget\" data-widget_type=\"text-editor.default\">\n\t\t\t\t<div class=\"elementor-widget-container\">\n\t\t\t\t\t\t\t\t\t<p class=\"translation-block\">JA\u014aDE Editorial es una cooperativa editorial de ficci\u00f3n y no ficci\u00f3n que nace entre Barcelona, \u200b\u200bVic y Matar\u00f3 con vocaci\u00f3n social: generar un espacio de calidad para la literatura que no sab\u00edamos que faltaba.<\/p>\t\t\t\t\t\t\t\t<\/div>\n\t\t\t\t<\/div>\n\t\t\t\t<div class=\"elementor-element elementor-element-5371ae5 elementor-widget elementor-widget-heading\" data-id=\"5371ae5\" data-element_type=\"widget\" data-widget_type=\"heading.default\">\n\t\t\t\t<div class=\"elementor-widget-container\">\n\t\t\t\t\t<h2 class=\"elementor-heading-title elementor-size-default\">Nuestro nombre<\/h2>\t\t\t\t<\/div>\n\t\t\t\t<\/div>\n\t\t\t\t<div class=\"elementor-element elementor-element-2bf24b7 elementor-widget elementor-widget-text-editor\" data-id=\"2bf24b7\" data-element_type=\"widget\" data-widget_type=\"text-editor.default\">\n\t\t\t\t<div class=\"elementor-widget-container\">\n\t\t\t\t\t\t\t\t\t<p>La palabra \u00abja\u014bde\u00bb pertenece a la lengua fula o pulaar, el idioma de los fulanis, una etnia presente en varios pa\u00edses de la zona del sur del Sahel, en \u00c1frica occidental, con m\u00e1s de 40 millones de hablantes en la actualidad.<\/p><p>\u00abJa\u014bde\u00bb puede traducirse al espa\u00f1ol como \u00ablectura\u00bb y tambi\u00e9n \u00abense\u00f1anza\u00bb.<\/p><p>Nuestro nombre es el reflejo de lo que buscamos a trav\u00e9s de nuestros libros.<\/p>\t\t\t\t\t\t\t\t<\/div>\n\t\t\t\t<\/div>\n\t\t\t\t<\/div>\n\t\t\t\t\t<\/div>\n\t\t\t\t<\/div>\n\t\t<div class=\"elementor-element elementor-element-475924a e-flex e-con-boxed e-con e-parent\" data-id=\"475924a\" data-element_type=\"container\">\n\t\t\t\t\t<div class=\"e-con-inner\">\n\t\t<div class=\"elementor-element elementor-element-bd1c558 e-flex e-con-boxed e-con e-child\" data-id=\"bd1c558\" data-element_type=\"container\">\n\t\t\t\t\t<div class=\"e-con-inner\">\n\t\t<div class=\"elementor-element elementor-element-e977662 e-flex e-con-boxed e-con e-child\" data-id=\"e977662\" data-element_type=\"container\" data-settings=\"{&quot;background_background&quot;:&quot;classic&quot;}\">\n\t\t\t\t\t<div class=\"e-con-inner\">\n\t\t\t\t<div class=\"elementor-element elementor-element-4c864e3 elementor-widget elementor-widget-icon-box\" data-id=\"4c864e3\" data-element_type=\"widget\" data-widget_type=\"icon-box.default\">\n\t\t\t\t<div class=\"elementor-widget-container\">\n\t\t\t\t\t\t\t<div class=\"elementor-icon-box-wrapper\">\n\n\t\t\t\n\t\t\t\t\t\t<div class=\"elementor-icon-box-content\">\n\n\t\t\t\t\t\t\t\t\t<h3 class=\"elementor-icon-box-title\">\n\t\t\t\t\t\t<span  >\n\t\t\t\t\t\t\tBUSCAMOS\t\t\t\t\t\t<\/span>\n\t\t\t\t\t<\/h3>\n\t\t\t\t\n\t\t\t\t\t\t\t\t\t<p class=\"elementor-icon-box-description\">\n\t\t\t\t\t\tImpulsar las voces racializadas o de ascendencia migrante que tienen dificultades para acceder al sector editorial debido a la discriminaci\u00f3n por su origen, raza o etnia. Son necesarias y tienen mucho que decir, queremos leerlas.\t\t\t\t\t<\/p>\n\t\t\t\t\n\t\t\t<\/div>\n\t\t\t\n\t\t<\/div>\n\t\t\t\t\t\t<\/div>\n\t\t\t\t<\/div>\n\t\t\t\t\t<\/div>\n\t\t\t\t<\/div>\n\t\t<div class=\"elementor-element elementor-element-75c571a e-flex e-con-boxed e-con e-child\" data-id=\"75c571a\" data-element_type=\"container\" data-settings=\"{&quot;background_background&quot;:&quot;classic&quot;}\">\n\t\t\t\t\t<div class=\"e-con-inner\">\n\t\t\t\t<div class=\"elementor-element elementor-element-7bd15a8 elementor-widget elementor-widget-icon-box\" data-id=\"7bd15a8\" data-element_type=\"widget\" data-widget_type=\"icon-box.default\">\n\t\t\t\t<div class=\"elementor-widget-container\">\n\t\t\t\t\t\t\t<div class=\"elementor-icon-box-wrapper\">\n\n\t\t\t\n\t\t\t\t\t\t<div class=\"elementor-icon-box-content\">\n\n\t\t\t\t\t\t\t\t\t<h3 class=\"elementor-icon-box-title\">\n\t\t\t\t\t\t<span  >\n\t\t\t\t\t\t\tNOS INTERESA\t\t\t\t\t\t<\/span>\n\t\t\t\t\t<\/h3>\n\t\t\t\t\n\t\t\t\t\t\t\t\t\t<p class=\"elementor-icon-box-description\">\n\t\t\t\t\t\tAmpliar la oferta de traducciones al catal\u00e1n y al castellano de plumas internacionales ya establecidas, autoras de obras que nos permiten conocer nuevos mundos, nuevas realidades y nuevas perspectivas que, en realidad, no dejan de ser otra cara, leg\u00edtima, viva, de nuestra propia sociedad.\t\t\t\t\t<\/p>\n\t\t\t\t\n\t\t\t<\/div>\n\t\t\t\n\t\t<\/div>\n\t\t\t\t\t\t<\/div>\n\t\t\t\t<\/div>\n\t\t\t\t\t<\/div>\n\t\t\t\t<\/div>\n\t\t<div class=\"elementor-element elementor-element-f15a79f e-flex e-con-boxed e-con e-child\" data-id=\"f15a79f\" data-element_type=\"container\" data-settings=\"{&quot;background_background&quot;:&quot;classic&quot;}\">\n\t\t\t\t\t<div class=\"e-con-inner\">\n\t\t\t\t<div class=\"elementor-element elementor-element-6c56c5c elementor-widget elementor-widget-icon-box\" data-id=\"6c56c5c\" data-element_type=\"widget\" data-widget_type=\"icon-box.default\">\n\t\t\t\t<div class=\"elementor-widget-container\">\n\t\t\t\t\t\t\t<div class=\"elementor-icon-box-wrapper\">\n\n\t\t\t\n\t\t\t\t\t\t<div class=\"elementor-icon-box-content\">\n\n\t\t\t\t\t\t\t\t\t<h3 class=\"elementor-icon-box-title\">\n\t\t\t\t\t\t<span  >\n\t\t\t\t\t\t\tNos interesa\t\t\t\t\t\t<\/span>\n\t\t\t\t\t<\/h3>\n\t\t\t\t\n\t\t\t\t\t\t\t\t\t<p class=\"elementor-icon-box-description\">\n\t\t\t\t\t\tNo s\u00f3lo publicar voces de origen migrante por el mero hecho de serlo, sino tambi\u00e9n tener en cuenta siempre el requisito de calidad literaria, ofreciendo a los autores y autoras la oportunidad, la retribuci\u00f3n econ\u00f3mica, el acompa\u00f1amiento y el marco de dignidad e igualdad que se merecen. Que accedan, por fin, a la red cultural pero sin que sea algo anecd\u00f3tico ni instrumentalizado.\t\t\t\t\t<\/p>\n\t\t\t\t\n\t\t\t<\/div>\n\t\t\t\n\t\t<\/div>\n\t\t\t\t\t\t<\/div>\n\t\t\t\t<\/div>\n\t\t\t\t\t<\/div>\n\t\t\t\t<\/div>\n\t\t\t\t\t<\/div>\n\t\t\t\t<\/div>\n\t\t\t\t\t<\/div>\n\t\t\t\t<\/div>\n\t\t<div class=\"elementor-element elementor-element-fa91919 e-flex e-con-boxed e-con e-parent\" data-id=\"fa91919\" data-element_type=\"container\">\n\t\t\t\t\t<div class=\"e-con-inner\">\n\t\t<div class=\"elementor-element elementor-element-cf029ed e-con-full e-flex e-con e-child\" data-id=\"cf029ed\" data-element_type=\"container\">\n\t\t<div class=\"elementor-element elementor-element-b339b90 e-con-full e-flex e-con e-child\" data-id=\"b339b90\" data-element_type=\"container\" data-settings=\"{&quot;background_background&quot;:&quot;classic&quot;}\">\n\t\t\t\t<div class=\"elementor-element elementor-element-7cf8520 elementor-widget elementor-widget-image\" data-id=\"7cf8520\" data-element_type=\"widget\" data-widget_type=\"image.default\">\n\t\t\t\t<div class=\"elementor-widget-container\">\n\t\t\t\t\t\t\t\t\t\t\t\t\t\t\t<img decoding=\"async\" width=\"800\" height=\"534\" src=\"https:\/\/editorialjande.com\/wp-content\/uploads\/2024\/02\/4Z8A4851-1024x683.jpg\" class=\"attachment-large size-large wp-image-110\" alt=\"\" srcset=\"https:\/\/editorialjande.com\/wp-content\/uploads\/2024\/02\/4Z8A4851-1024x683.jpg 1024w, https:\/\/editorialjande.com\/wp-content\/uploads\/2024\/02\/4Z8A4851-scaled-600x400.jpg 600w, https:\/\/editorialjande.com\/wp-content\/uploads\/2024\/02\/4Z8A4851-300x200.jpg 300w, https:\/\/editorialjande.com\/wp-content\/uploads\/2024\/02\/4Z8A4851-768x512.jpg 768w, https:\/\/editorialjande.com\/wp-content\/uploads\/2024\/02\/4Z8A4851-1536x1024.jpg 1536w, https:\/\/editorialjande.com\/wp-content\/uploads\/2024\/02\/4Z8A4851-2048x1365.jpg 2048w\" sizes=\"(max-width: 800px) 100vw, 800px\" \/>\t\t\t\t\t\t\t\t\t\t\t\t\t\t\t<\/div>\n\t\t\t\t<\/div>\n\t\t\t\t<\/div>\n\t\t<div class=\"elementor-element elementor-element-5f41dd2 e-con-full e-flex e-con e-child\" data-id=\"5f41dd2\" data-element_type=\"container\">\n\t\t\t\t<div class=\"elementor-element elementor-element-eaf4459 elementor-widget elementor-widget-heading\" data-id=\"eaf4459\" data-element_type=\"widget\" data-widget_type=\"heading.default\">\n\t\t\t\t<div class=\"elementor-widget-container\">\n\t\t\t\t\t<h2 class=\"elementor-heading-title elementor-size-default\">Qui\u00e9nes somos<\/h2>\t\t\t\t<\/div>\n\t\t\t\t<\/div>\n\t\t\t\t<div class=\"elementor-element elementor-element-e80e94b elementor-widget elementor-widget-heading\" data-id=\"e80e94b\" data-element_type=\"widget\" data-widget_type=\"heading.default\">\n\t\t\t\t<div class=\"elementor-widget-container\">\n\t\t\t\t\t<h2 class=\"elementor-heading-title elementor-size-default\">Las editoras<\/h2>\t\t\t\t<\/div>\n\t\t\t\t<\/div>\n\t\t\t\t<div class=\"elementor-element elementor-element-660654c elementor-widget elementor-widget-text-editor\" data-id=\"660654c\" data-element_type=\"widget\" data-widget_type=\"text-editor.default\">\n\t\t\t\t<div class=\"elementor-widget-container\">\n\t\t\t\t\t\t\t\t\t<p><strong>Aissata M\u2019ballo Diao<\/strong><strong>Aissata M'ballo Diao<\/strong>, graduada en Periodismo y Humanidades por la Universitat Pompeu Fabra y con un m\u00e1ster en Edici\u00f3n por la UPF-BSM, es hija de padres senegaleses y ten\u00eda veintitr\u00e9s a\u00f1os cuando se vio representada por primera vez en la cubierta de un libro de ficci\u00f3n en catal\u00e1n.<\/p><p class=\"translation-block\"><strong>Diana Rahmouni Audenis<\/strong>, graduada en Lenguas y Literaturas Modernas por la Universitat de Barcelona, \u200b\u200bcon un m\u00e1ster en Edici\u00f3n por Taller de los Libros y con un posgrado de Cultura, Lectura y Literatura para Ni\u00f1os y J\u00f3venes por la Universitat de Val\u00e8ncia, es hija de padre sirio y madre catalana y durante muchos a\u00f1os ha vivido pensando que la literatura \u00e1rabe era un misterio inaccesible.<\/p>\t\t\t\t\t\t\t\t<\/div>\n\t\t\t\t<\/div>\n\t\t\t\t<\/div>\n\t\t\t\t<\/div>\n\t\t\t\t\t<\/div>\n\t\t\t\t<\/div>\n\t\t\t\t<\/div>","protected":false},"excerpt":{"rendered":"<p>Qu\u00e8 \u00e9s JA\u014aDE Editorial \u00e9s una cooperativa editorial de ficci\u00f3 i no-ficci\u00f3 en catal\u00e0 que neix entre Barcelona, Vic i Matar\u00f3 amb vocaci\u00f3 social: generar un espai de qualitat per a la literatura que no sab\u00edem que ens mancava. El nostre nom El mot \u00abja\u014bde\u00bb pertany a la llengua fula o pulaar, l\u2019idioma dels fulanis, [&hellip;]<\/p>\n","protected":false},"author":5,"featured_media":0,"parent":0,"menu_order":0,"comment_status":"closed","ping_status":"closed","template":"elementor_canvas","meta":{"_acf_changed":false,"footnotes":""},"class_list":["post-1321","page","type-page","status-publish","hentry"],"acf":[],"_links":{"self":[{"href":"https:\/\/editorialjande.com\/es\/wp-json\/wp\/v2\/pages\/1321","targetHints":{"allow":["GET"]}}],"collection":[{"href":"https:\/\/editorialjande.com\/es\/wp-json\/wp\/v2\/pages"}],"about":[{"href":"https:\/\/editorialjande.com\/es\/wp-json\/wp\/v2\/types\/page"}],"author":[{"embeddable":true,"href":"https:\/\/editorialjande.com\/es\/wp-json\/wp\/v2\/users\/5"}],"replies":[{"embeddable":true,"href":"https:\/\/editorialjande.com\/es\/wp-json\/wp\/v2\/comments?post=1321"}],"version-history":[{"count":9,"href":"https:\/\/editorialjande.com\/es\/wp-json\/wp\/v2\/pages\/1321\/revisions"}],"predecessor-version":[{"id":1342,"href":"https:\/\/editorialjande.com\/es\/wp-json\/wp\/v2\/pages\/1321\/revisions\/1342"}],"wp:attachment":[{"href":"https:\/\/editorialjande.com\/es\/wp-json\/wp\/v2\/media?parent=1321"}],"curies":[{"name":"wp","href":"https:\/\/api.w.org\/{rel}","templated":true}]}}